{"id":47022,"date":"2026-01-14T15:59:05","date_gmt":"2026-01-14T15:59:05","guid":{"rendered":"https:\/\/cartoleriadonati.ch\/prodotto\/personalisiertes-fotoalbum-kraft-rechteck\/"},"modified":"2026-05-29T15:12:01","modified_gmt":"2026-05-29T15:12:01","slug":"personalisiertes-fotoalbum-kraft-rechteck","status":"publish","type":"product","link":"https:\/\/cartoleriadonati.ch\/de\/prodotto\/personalisiertes-fotoalbum-kraft-rechteck\/","title":{"rendered":"Personalisiertes Fotoalbum Kraft Rechteck"},"content":{"rendered":"<h1 data-start=\"265\" data-end=\"313\">Fotoalbum Kraft Rechteck \u2013 Personalisiert<\/h1>\n<h2 data-start=\"315\" data-end=\"373\">Moderner Stil, um Ihre sch\u00f6nsten Erinnerungen zu bewahren<\/h2>\n<p data-start=\"374\" data-end=\"733\">Das <strong data-start=\"376\" data-end=\"422\">personalisierte Fotoalbum Kraft Rechteck<\/strong> ist die ideale Wahl f\u00fcr alle, die ihre wichtigsten Momente in einem eleganten, widerstandsf\u00e4higen Format mit zeitgem\u00e4\u00dfem Design sammeln und aufbewahren m\u00f6chten. Der Einband aus <strong data-start=\"594\" data-end=\"611\">Kraftpapier<\/strong> verleiht einen modernen und originellen Look, der sich sowohl als Geschenk als auch als pers\u00f6nliches Erinnerungsst\u00fcck f\u00fcr die Ewigkeit eignet. <\/p>\n<p data-start=\"735\" data-end=\"957\">Die praktische und robuste <strong data-start=\"749\" data-end=\"759\">Wire-O-Bindung<\/strong> erm\u00f6glicht ein einfaches Umbl\u00e4ttern der Seiten und macht das Album komfortabel in der Handhabung, sowohl zum Einkleben von Fotos als auch zum Hinzuf\u00fcgen von Dekorationen, Karten und handgeschriebenen Notizen.<\/p>\n<h2 data-start=\"959\" data-end=\"1001\">Personalisierung durch Lasergravur<\/h2>\n<p data-start=\"1002\" data-end=\"1146\">Der Einband des Albums kann <strong data-start=\"1037\" data-end=\"1075\">mit Lasergravur personalisiert<\/strong> werden, was jedes Exemplar zu einem Unikat macht.<br data-start=\"1114\" data-end=\"1117\"\/>Sie k\u00f6nnen w\u00e4hlen, was graviert werden soll:<\/p>\n<ul>\n<li data-start=\"1149\" data-end=\"1170\"><strong data-start=\"1149\" data-end=\"1168\">Name oder Initialen<\/strong><\/li>\n<li data-start=\"1173\" data-end=\"1194\"><strong data-start=\"1173\" data-end=\"1192\">Wichtige Daten<\/strong><\/li>\n<li data-start=\"1197\" data-end=\"1210\"><strong data-start=\"1197\" data-end=\"1208\">Widmungen<\/strong><\/li>\n<li data-start=\"1213\" data-end=\"1238\"><strong data-start=\"1213\" data-end=\"1236\">Bedeutungsvolle Spr\u00fcche<\/strong><\/li>\n<li data-start=\"1241\" data-end=\"1281\"><strong data-start=\"1241\" data-end=\"1279\">Symbole oder kleine grafische Elemente<\/strong><\/li>\n<\/ul>\n<p data-start=\"1283\" data-end=\"1388\">Die Lasergravur erm\u00f6glicht ein elegantes und pr\u00e4zises Ergebnis, das auf der Denim-Textur perfekt zur Geltung kommt.<\/p>\n<h2 data-start=\"1902\" data-end=\"1942\">Technische Eigenschaften des Albums<\/h2>\n<ul>\n<li data-start=\"1945\" data-end=\"1974\"><strong data-start=\"1945\" data-end=\"1966\">Farbe Einband:<\/strong> Denim<\/li>\n<li data-start=\"1977\" data-end=\"2012\"><strong data-start=\"1977\" data-end=\"1992\">Bindung:<\/strong> Robuste Wire-O-Bindung<\/li>\n<li data-start=\"2015\" data-end=\"2062\"><strong data-start=\"2015\" data-end=\"2042\">Ma\u00dfe (B \u00d7 H \u00d7 T):<\/strong> 220 \u00d7 151 \u00d7 25 mm<\/li>\n<li data-start=\"2065\" data-end=\"2091\"><strong data-start=\"2065\" data-end=\"2086\">Seitenanzahl:<\/strong> 40<\/li>\n<li data-start=\"2094\" data-end=\"2135\"><strong data-start=\"2094\" data-end=\"2120\">Papierformat innen:<\/strong> 195 \u00d7 145 mm<\/li>\n<li data-start=\"2138\" data-end=\"2172\"><strong data-start=\"2138\" data-end=\"2156\">Seitenfarbe:<\/strong> Off-White<\/li>\n<\/ul>\n<p data-start=\"2174\" data-end=\"2330\">Die dicken, hochwertigen Innenseiten eignen sich perfekt zum Einkleben von Fotos, Schreiben von Notizen, Hinzuf\u00fcgen von Erinnerungen und Erstellen individueller Kompositionen.<\/p>\n<h2 data-start=\"2332\" data-end=\"2374\">Ein perfektes Geschenk f\u00fcr jeden Anlass<\/h2>\n<p data-start=\"2375\" data-end=\"2461\">Dank der Personalisierung ist das Fotoalbum Denim eine ideale Geschenkidee f\u00fcr:<\/p>\n<ul>\n<li data-start=\"2464\" data-end=\"2476\">Geburtstage<\/li>\n<li data-start=\"2479\" data-end=\"2492\">Jahrestage<\/li>\n<li data-start=\"2495\" data-end=\"2516\">Geburten und Taufen<\/li>\n<li data-start=\"2519\" data-end=\"2536\">Paar-Alben<\/li>\n<li data-start=\"2539\" data-end=\"2559\">Reiseerinnerungen<\/li>\n<li data-start=\"2562\" data-end=\"2581\">Familienmomente<\/li>\n<\/ul>\n<p data-start=\"2583\" data-end=\"2682\">Ein Objekt, das Emotionen bewahrt und eine Geschichte erz\u00e4hlt, bereichert durch Ihre pers\u00f6nliche Gravur.<\/p>\n","protected":false},"excerpt":{"rendered":"<p>[fpd_module type=\"text\"]<br \/>\n[fpd_module type=\"designs\"]<\/p>\n","protected":false},"featured_media":47023,"template":"","meta":{"_acf_changed":false},"product_brand":[],"product_cat":[852],"product_tag":[],"class_list":["post-47022","product","type-product","status-publish","has-post-thumbnail","product_cat-anpassen","first","instock","taxable","shipping-taxable","purchasable","product-type-simple","add-to-wishlist-after_add_to_cart"],"acf":[],"yoast_head":"<!-- This site is optimized with the Yoast SEO Premium plugin v28.3 (Yoast SEO v28.4) - https:\/\/yoast.com\/product\/yoast-seo-premium-wordpress\/ -->\n<title>Personalisiertes Fotoalbum Kraft Rechteck - Cartoleria Donati SA<\/title>\n<meta name=\"description\" content=\"Personalisiertes Kraft-Fotoalbum mit Lasergravur. 40 Seiten, Wire-O-Bindung. Moderner Einband und Lasergravur. Perfekt f\u00fcr Erinnerungen und als Geschenkidee.\" \/>\n<meta name=\"robots\" content=\"index, follow, max-snippet:-1, max-image-preview:large, max-video-preview:-1\" \/>\n<link rel=\"canonical\" href=\"https:\/\/cartoleriadonati.ch\/de\/prodotto\/personalisiertes-fotoalbum-kraft-rechteck\/\" \/>\n<meta property=\"og:locale\" content=\"de_DE\" \/>\n<meta property=\"og:type\" content=\"article\" \/>\n<meta property=\"og:title\" content=\"Personalisiertes Fotoalbum Kraft Rechteck\" \/>\n<meta property=\"og:description\" content=\"Personalisiertes Kraft-Fotoalbum mit Lasergravur. 40 Seiten, Wire-O-Bindung. Moderner Einband und Lasergravur. Perfekt f\u00fcr Erinnerungen und als Geschenkidee.\" \/>\n<meta property=\"og:url\" content=\"https:\/\/cartoleriadonati.ch\/de\/prodotto\/personalisiertes-fotoalbum-kraft-rechteck\/\" \/>\n<meta property=\"og:site_name\" content=\"Cartoleria Donati SA\" \/>\n<meta property=\"article:publisher\" content=\"https:\/\/www.facebook.com\/CartoleriaDonati\" \/>\n<meta property=\"article:modified_time\" content=\"2026-05-29T15:12:01+00:00\" \/>\n<meta property=\"og:image\" content=\"https:\/\/cartoleriadonati.ch\/wp-content\/uploads\/2026\/01\/Album-foto-kraftrettangolo.jpg\" \/>\n\t<meta property=\"og:image:width\" content=\"1200\" \/>\n\t<meta property=\"og:image:height\" content=\"1500\" \/>\n\t<meta property=\"og:image:type\" content=\"image\/jpeg\" \/>\n<meta name=\"twitter:card\" content=\"summary_large_image\" \/>\n<meta name=\"twitter:label1\" content=\"Preis\" \/>\n\t<meta name=\"twitter:data1\" content=\"&#067;&#072;&#070;31.40\" \/>\n\t<meta name=\"twitter:label2\" content=\"Verf\u00fcgbarkeit\" \/>\n\t<meta name=\"twitter:data2\" content=\"Auf Lager\" \/>\n<script type=\"application\/ld+json\" class=\"yoast-schema-graph\">{\"@context\":\"https:\\\/\\\/schema.org\",\"@graph\":[{\"@type\":\"WebPage\",\"@id\":\"https:\\\/\\\/cartoleriadonati.ch\\\/de\\\/prodotto\\\/personalisiertes-fotoalbum-kraft-rechteck\\\/\",\"url\":\"https:\\\/\\\/cartoleriadonati.ch\\\/de\\\/prodotto\\\/personalisiertes-fotoalbum-kraft-rechteck\\\/\",\"name\":\"Personalisiertes Fotoalbum Kraft Rechteck - Cartoleria Donati SA\",\"isPartOf\":{\"@id\":\"https:\\\/\\\/cartoleriadonati.ch\\\/de\\\/#website\"},\"primaryImageOfPage\":{\"@id\":\"https:\\\/\\\/cartoleriadonati.ch\\\/de\\\/prodotto\\\/personalisiertes-fotoalbum-kraft-rechteck\\\/#primaryimage\"},\"image\":{\"@id\":\"https:\\\/\\\/cartoleriadonati.ch\\\/de\\\/prodotto\\\/personalisiertes-fotoalbum-kraft-rechteck\\\/#primaryimage\"},\"thumbnailUrl\":\"https:\\\/\\\/cartoleriadonati.ch\\\/wp-content\\\/uploads\\\/2026\\\/01\\\/Album-foto-kraftrettangolo.jpg\",\"datePublished\":\"2026-01-14T15:59:05+00:00\",\"dateModified\":\"2026-05-29T15:12:01+00:00\",\"description\":\"Personalisiertes Kraft-Fotoalbum mit Lasergravur. 40 Seiten, Wire-O-Bindung. Moderner Einband und Lasergravur. Perfekt f\u00fcr Erinnerungen und als Geschenkidee.\",\"breadcrumb\":{\"@id\":\"https:\\\/\\\/cartoleriadonati.ch\\\/de\\\/prodotto\\\/personalisiertes-fotoalbum-kraft-rechteck\\\/#breadcrumb\"},\"inLanguage\":\"de\",\"potentialAction\":[{\"@type\":\"ReadAction\",\"target\":[\"https:\\\/\\\/cartoleriadonati.ch\\\/de\\\/prodotto\\\/personalisiertes-fotoalbum-kraft-rechteck\\\/\"]}]},{\"@type\":\"ImageObject\",\"inLanguage\":\"de\",\"@id\":\"https:\\\/\\\/cartoleriadonati.ch\\\/de\\\/prodotto\\\/personalisiertes-fotoalbum-kraft-rechteck\\\/#primaryimage\",\"url\":\"https:\\\/\\\/cartoleriadonati.ch\\\/wp-content\\\/uploads\\\/2026\\\/01\\\/Album-foto-kraftrettangolo.jpg\",\"contentUrl\":\"https:\\\/\\\/cartoleriadonati.ch\\\/wp-content\\\/uploads\\\/2026\\\/01\\\/Album-foto-kraftrettangolo.jpg\",\"width\":1200,\"height\":1500},{\"@type\":\"BreadcrumbList\",\"@id\":\"https:\\\/\\\/cartoleriadonati.ch\\\/de\\\/prodotto\\\/personalisiertes-fotoalbum-kraft-rechteck\\\/#breadcrumb\",\"itemListElement\":[{\"@type\":\"ListItem\",\"position\":1,\"name\":\"Home\",\"item\":\"https:\\\/\\\/cartoleriadonati.ch\\\/de\\\/\"},{\"@type\":\"ListItem\",\"position\":2,\"name\":\"Shop\",\"item\":\"https:\\\/\\\/cartoleriadonati.ch\\\/de\\\/shop\\\/\"},{\"@type\":\"ListItem\",\"position\":3,\"name\":\"Personalisiertes Fotoalbum Kraft Rechteck\"}]},{\"@type\":\"WebSite\",\"@id\":\"https:\\\/\\\/cartoleriadonati.ch\\\/de\\\/#website\",\"url\":\"https:\\\/\\\/cartoleriadonati.ch\\\/de\\\/\",\"name\":\"Cartoleria Donati SA\",\"description\":\"Sito internet ufficiale della Cartoleria Donati SA\",\"publisher\":{\"@id\":\"https:\\\/\\\/cartoleriadonati.ch\\\/de\\\/#organization\"},\"potentialAction\":[{\"@type\":\"SearchAction\",\"target\":{\"@type\":\"EntryPoint\",\"urlTemplate\":\"https:\\\/\\\/cartoleriadonati.ch\\\/de\\\/?s={search_term_string}\"},\"query-input\":{\"@type\":\"PropertyValueSpecification\",\"valueRequired\":true,\"valueName\":\"search_term_string\"}}],\"inLanguage\":\"de\"},{\"@type\":[\"Organization\",\"Place\",\"Store\"],\"@id\":\"https:\\\/\\\/cartoleriadonati.ch\\\/de\\\/#organization\",\"name\":\"Cartoleria Donati SA\",\"url\":\"https:\\\/\\\/cartoleriadonati.ch\\\/de\\\/\",\"logo\":{\"@id\":\"https:\\\/\\\/cartoleriadonati.ch\\\/de\\\/prodotto\\\/personalisiertes-fotoalbum-kraft-rechteck\\\/#local-main-organization-logo\"},\"image\":{\"@id\":\"https:\\\/\\\/cartoleriadonati.ch\\\/de\\\/prodotto\\\/personalisiertes-fotoalbum-kraft-rechteck\\\/#local-main-organization-logo\"},\"sameAs\":[\"https:\\\/\\\/www.facebook.com\\\/CartoleriaDonati\"],\"address\":{\"@id\":\"https:\\\/\\\/cartoleriadonati.ch\\\/de\\\/prodotto\\\/personalisiertes-fotoalbum-kraft-rechteck\\\/#local-main-place-address\"},\"telephone\":[\"0798516188\"],\"contactPoint\":{\"@type\":\"ContactPoint\",\"telephone\":\"0798516188\",\"email\":\"patrick.donati@hotmail.com\"},\"openingHoursSpecification\":[{\"@type\":\"OpeningHoursSpecification\",\"dayOfWeek\":[\"Monday\",\"Tuesday\",\"Wednesday\",\"Thursday\",\"Friday\",\"Saturday\",\"Sunday\"],\"opens\":\"09:00\",\"closes\":\"17:00\"}],\"email\":\"info@cartoleriadonati.ch\"},{\"@type\":\"PostalAddress\",\"@id\":\"https:\\\/\\\/cartoleriadonati.ch\\\/de\\\/prodotto\\\/personalisiertes-fotoalbum-kraft-rechteck\\\/#local-main-place-address\",\"streetAddress\":\"Via Locarno 32\",\"addressLocality\":\"Losone\",\"postalCode\":\"6616\",\"addressRegion\":\"Ticino\",\"addressCountry\":\"CH\"},{\"@type\":\"ImageObject\",\"inLanguage\":\"de\",\"@id\":\"https:\\\/\\\/cartoleriadonati.ch\\\/de\\\/prodotto\\\/personalisiertes-fotoalbum-kraft-rechteck\\\/#local-main-organization-logo\",\"url\":\"https:\\\/\\\/cartoleriadonati.ch\\\/wp-content\\\/uploads\\\/2019\\\/06\\\/DONATI_logo-1.png\",\"contentUrl\":\"https:\\\/\\\/cartoleriadonati.ch\\\/wp-content\\\/uploads\\\/2019\\\/06\\\/DONATI_logo-1.png\",\"width\":2339,\"height\":1654,\"caption\":\"Cartoleria Donati SA\"}]}<\/script>\n<meta property=\"product:price:amount\" content=\"31.40\" \/>\n<meta property=\"product:price:currency\" content=\"CHF\" \/>\n<meta property=\"og:availability\" content=\"instock\" \/>\n<meta property=\"product:availability\" content=\"instock\" \/>\n<meta property=\"product:condition\" content=\"new\" \/>\n<meta name=\"geo.placename\" content=\"Losone\" \/>\n<meta name=\"geo.region\" content=\"Schweiz\" \/>\n<!-- \/ Yoast SEO Premium plugin. -->","yoast_head_json":{"title":"Personalisiertes Fotoalbum Kraft Rechteck - Cartoleria Donati SA","description":"Personalisiertes Kraft-Fotoalbum mit Lasergravur. 40 Seiten, Wire-O-Bindung. Moderner Einband und Lasergravur. Perfekt f\u00fcr Erinnerungen und als Geschenkidee.","robots":{"index":"index","follow":"follow","max-snippet":"max-snippet:-1","max-image-preview":"max-image-preview:large","max-video-preview":"max-video-preview:-1"},"canonical":"https:\/\/cartoleriadonati.ch\/de\/prodotto\/personalisiertes-fotoalbum-kraft-rechteck\/","og_locale":"de_DE","og_type":"article","og_title":"Personalisiertes Fotoalbum Kraft Rechteck","og_description":"Personalisiertes Kraft-Fotoalbum mit Lasergravur. 40 Seiten, Wire-O-Bindung. Moderner Einband und Lasergravur. Perfekt f\u00fcr Erinnerungen und als Geschenkidee.","og_url":"https:\/\/cartoleriadonati.ch\/de\/prodotto\/personalisiertes-fotoalbum-kraft-rechteck\/","og_site_name":"Cartoleria Donati SA","article_publisher":"https:\/\/www.facebook.com\/CartoleriaDonati","article_modified_time":"2026-05-29T15:12:01+00:00","og_image":[{"width":1200,"height":1500,"url":"https:\/\/cartoleriadonati.ch\/wp-content\/uploads\/2026\/01\/Album-foto-kraftrettangolo.jpg","type":"image\/jpeg"}],"twitter_card":"summary_large_image","twitter_misc":{"Preis":"&#67;&#72;&#70;31.40","Verf\u00fcgbarkeit":"Auf Lager"},"schema":{"@context":"https:\/\/schema.org","@graph":[{"@type":"WebPage","@id":"https:\/\/cartoleriadonati.ch\/de\/prodotto\/personalisiertes-fotoalbum-kraft-rechteck\/","url":"https:\/\/cartoleriadonati.ch\/de\/prodotto\/personalisiertes-fotoalbum-kraft-rechteck\/","name":"Personalisiertes Fotoalbum Kraft Rechteck - Cartoleria Donati SA","isPartOf":{"@id":"https:\/\/cartoleriadonati.ch\/de\/#website"},"primaryImageOfPage":{"@id":"https:\/\/cartoleriadonati.ch\/de\/prodotto\/personalisiertes-fotoalbum-kraft-rechteck\/#primaryimage"},"image":{"@id":"https:\/\/cartoleriadonati.ch\/de\/prodotto\/personalisiertes-fotoalbum-kraft-rechteck\/#primaryimage"},"thumbnailUrl":"https:\/\/cartoleriadonati.ch\/wp-content\/uploads\/2026\/01\/Album-foto-kraftrettangolo.jpg","datePublished":"2026-01-14T15:59:05+00:00","dateModified":"2026-05-29T15:12:01+00:00","description":"Personalisiertes Kraft-Fotoalbum mit Lasergravur. 40 Seiten, Wire-O-Bindung. Moderner Einband und Lasergravur. Perfekt f\u00fcr Erinnerungen und als Geschenkidee.","breadcrumb":{"@id":"https:\/\/cartoleriadonati.ch\/de\/prodotto\/personalisiertes-fotoalbum-kraft-rechteck\/#breadcrumb"},"inLanguage":"de","potentialAction":[{"@type":"ReadAction","target":["https:\/\/cartoleriadonati.ch\/de\/prodotto\/personalisiertes-fotoalbum-kraft-rechteck\/"]}]},{"@type":"ImageObject","inLanguage":"de","@id":"https:\/\/cartoleriadonati.ch\/de\/prodotto\/personalisiertes-fotoalbum-kraft-rechteck\/#primaryimage","url":"https:\/\/cartoleriadonati.ch\/wp-content\/uploads\/2026\/01\/Album-foto-kraftrettangolo.jpg","contentUrl":"https:\/\/cartoleriadonati.ch\/wp-content\/uploads\/2026\/01\/Album-foto-kraftrettangolo.jpg","width":1200,"height":1500},{"@type":"BreadcrumbList","@id":"https:\/\/cartoleriadonati.ch\/de\/prodotto\/personalisiertes-fotoalbum-kraft-rechteck\/#breadcrumb","itemListElement":[{"@type":"ListItem","position":1,"name":"Home","item":"https:\/\/cartoleriadonati.ch\/de\/"},{"@type":"ListItem","position":2,"name":"Shop","item":"https:\/\/cartoleriadonati.ch\/de\/shop\/"},{"@type":"ListItem","position":3,"name":"Personalisiertes Fotoalbum Kraft Rechteck"}]},{"@type":"WebSite","@id":"https:\/\/cartoleriadonati.ch\/de\/#website","url":"https:\/\/cartoleriadonati.ch\/de\/","name":"Cartoleria Donati SA","description":"Sito internet ufficiale della Cartoleria Donati SA","publisher":{"@id":"https:\/\/cartoleriadonati.ch\/de\/#organization"},"potentialAction":[{"@type":"SearchAction","target":{"@type":"EntryPoint","urlTemplate":"https:\/\/cartoleriadonati.ch\/de\/?s={search_term_string}"},"query-input":{"@type":"PropertyValueSpecification","valueRequired":true,"valueName":"search_term_string"}}],"inLanguage":"de"},{"@type":["Organization","Place","Store"],"@id":"https:\/\/cartoleriadonati.ch\/de\/#organization","name":"Cartoleria Donati SA","url":"https:\/\/cartoleriadonati.ch\/de\/","logo":{"@id":"https:\/\/cartoleriadonati.ch\/de\/prodotto\/personalisiertes-fotoalbum-kraft-rechteck\/#local-main-organization-logo"},"image":{"@id":"https:\/\/cartoleriadonati.ch\/de\/prodotto\/personalisiertes-fotoalbum-kraft-rechteck\/#local-main-organization-logo"},"sameAs":["https:\/\/www.facebook.com\/CartoleriaDonati"],"address":{"@id":"https:\/\/cartoleriadonati.ch\/de\/prodotto\/personalisiertes-fotoalbum-kraft-rechteck\/#local-main-place-address"},"telephone":["0798516188"],"contactPoint":{"@type":"ContactPoint","telephone":"0798516188","email":"patrick.donati@hotmail.com"},"openingHoursSpecification":[{"@type":"OpeningHoursSpecification","dayOfWeek":["Monday","Tuesday","Wednesday","Thursday","Friday","Saturday","Sunday"],"opens":"09:00","closes":"17:00"}],"email":"info@cartoleriadonati.ch"},{"@type":"PostalAddress","@id":"https:\/\/cartoleriadonati.ch\/de\/prodotto\/personalisiertes-fotoalbum-kraft-rechteck\/#local-main-place-address","streetAddress":"Via Locarno 32","addressLocality":"Losone","postalCode":"6616","addressRegion":"Ticino","addressCountry":"CH"},{"@type":"ImageObject","inLanguage":"de","@id":"https:\/\/cartoleriadonati.ch\/de\/prodotto\/personalisiertes-fotoalbum-kraft-rechteck\/#local-main-organization-logo","url":"https:\/\/cartoleriadonati.ch\/wp-content\/uploads\/2019\/06\/DONATI_logo-1.png","contentUrl":"https:\/\/cartoleriadonati.ch\/wp-content\/uploads\/2019\/06\/DONATI_logo-1.png","width":2339,"height":1654,"caption":"Cartoleria Donati SA"}]},"product_price_amount":"31.40","product_price_currency":"CHF","og_availability":"instock","product_availability":"instock","product_condition":"new","geo.placename":"Losone","geo.region":"Schweiz"},"_links":{"self":[{"href":"https:\/\/cartoleriadonati.ch\/de\/wp-json\/wp\/v2\/product\/47022","targetHints":{"allow":["GET"]}}],"collection":[{"href":"https:\/\/cartoleriadonati.ch\/de\/wp-json\/wp\/v2\/product"}],"about":[{"href":"https:\/\/cartoleriadonati.ch\/de\/wp-json\/wp\/v2\/types\/product"}],"wp:featuredmedia":[{"embeddable":true,"href":"https:\/\/cartoleriadonati.ch\/de\/wp-json\/wp\/v2\/media\/47023"}],"wp:attachment":[{"href":"https:\/\/cartoleriadonati.ch\/de\/wp-json\/wp\/v2\/media?parent=47022"}],"wp:term":[{"taxonomy":"product_brand","embeddable":true,"href":"https:\/\/cartoleriadonati.ch\/de\/wp-json\/wp\/v2\/product_brand?post=47022"},{"taxonomy":"product_cat","embeddable":true,"href":"https:\/\/cartoleriadonati.ch\/de\/wp-json\/wp\/v2\/product_cat?post=47022"},{"taxonomy":"product_tag","embeddable":true,"href":"https:\/\/cartoleriadonati.ch\/de\/wp-json\/wp\/v2\/product_tag?post=47022"}],"curies":[{"name":"wp","href":"https:\/\/api.w.org\/{rel}","templated":true}]}}