{"id":45386,"date":"2025-04-08T09:04:38","date_gmt":"2025-04-08T09:04:38","guid":{"rendered":"https:\/\/cartoleriadonati.ch\/prodotto\/caran-dache-kugelschreiber-pop-line-schwarz\/"},"modified":"2026-07-21T14:56:06","modified_gmt":"2026-07-21T14:56:06","slug":"caran-dache-penna-a-sfera-pop-line-nero","status":"publish","type":"product","link":"https:\/\/cartoleriadonati.ch\/de\/prodotto\/caran-dache-penna-a-sfera-pop-line-nero\/","title":{"rendered":"CARAN D&#8217;ACHE Kugelschreiber Pop Line Schwarz"},"content":{"rendered":"<h2 data-section-id=\"p69rkv\" data-start=\"536\" data-end=\"601\">Caran d&#8217;Ache Kugelschreiber Pop Line Schwarz personalisierbar<\/h2>\n<p data-start=\"603\" data-end=\"861\">Der Kugelschreiber <span class=\"hover:entity-accent entity-underline inline cursor-pointer align-baseline\"><span class=\"whitespace-normal\">Caran d&#8217;Ache<\/span><\/span> Pop Line Schwarz zeichnet sich durch sein lebendiges, modernes und dynamisches Design aus. Die leuchtende schwarze Farbe verleiht Energie und Originalit\u00e4t und macht ihn perfekt f\u00fcr alle, die kreative und aussergew\u00f6hnliche Accessoires lieben. <\/p>\n<p data-start=\"863\" data-end=\"971\">Dank der Lasergravur k\u00f6nnen Sie dieses Set in ein v\u00f6llig einzigartiges Geschenk verwandeln, indem Sie Folgendes gravieren:<\/p>\n<ul data-start=\"973\" data-end=\"1035\">\n<li data-section-id=\"1np0hwx\" data-start=\"973\" data-end=\"983\">Den Stift<\/li>\n<li data-section-id=\"184v4f3\" data-start=\"984\" data-end=\"1009\">Die Innenseite der Box<\/li>\n<li data-section-id=\"js1qum\" data-start=\"1010\" data-end=\"1035\">Die Aussenseite der Schachtel<\/li>\n<\/ul>\n<p data-start=\"1037\" data-end=\"1174\">Sie k\u00f6nnen Namen, Initialen, Daten, Widmungen, Symbole, Firmenlogos oder kurze S\u00e4tze hinzuf\u00fcgen, um ein pers\u00f6nliches und emotionales Accessoire zu schaffen.<\/p>\n<p data-start=\"1176\" data-end=\"1406\">Die Personalisierung wird im Tessin bei der <span class=\"\" data-state=\"closed\"><a class=\"decorated-link cursor-pointer\" target=\"_blank\" rel=\"noopener\">Cartoleria Donati SA<\/a><\/span> mittels pr\u00e4ziser und permanenter Lasergravur durchgef\u00fchrt, die das Design des Kugelschreibers und des Etuis aufwertet, ohne die \u00c4sthetik zu beeintr\u00e4chtigen.<\/p>\n<p data-start=\"1408\" data-end=\"1586\">Die Schweizer Qualit\u00e4t von <span class=\"hover:entity-accent entity-underline inline cursor-pointer align-baseline\"><span class=\"whitespace-normal\">Caran d&#8217;Ache<\/span><\/span> garantiert ein fl\u00fcssiges, zuverl\u00e4ssiges und komfortables Schreiben, ideal f\u00fcr den t\u00e4glichen Gebrauch, Studium, Arbeit oder besondere Geschenke.<\/p>\n<p data-start=\"1588\" data-end=\"1686\">Dank der schnellen Produktion wird das Produkt in der Regel innerhalb von 1\u20132 Werktagen hergestellt.<\/p>\n<hr data-start=\"1688\" data-end=\"1691\">\n<h1 data-section-id=\"auvc6d\" data-start=\"1693\" data-end=\"1714\">SO PERSONALISIEREN SIE<\/h1>\n<h2 data-section-id=\"t9n7hc\" data-start=\"1716\" data-end=\"1753\">Vollst\u00e4ndige Personalisierung des Sets<\/h2>\n<ol data-start=\"1505\" data-end=\"1687\">\n<li data-section-id=\"wsiuh3\" data-start=\"1505\" data-end=\"1551\">Geben Sie den Text oder die Widmung f\u00fcr den Stift ein<\/li>\n<li data-section-id=\"138tloe\" data-start=\"1552\" data-end=\"1591\">Nutzen Sie den Pfeil unten rechts, um die Innenseite der Box zu personalisieren<\/li>\n<li data-section-id=\"cp79ry\" data-start=\"1592\" data-end=\"1640\">Nutzen Sie den Pfeil unten rechts, um auch die Au\u00dfenseite der Verpackung zu personalisieren<\/li>\n<li data-section-id=\"ewzw27\" data-start=\"1641\" data-end=\"1666\">Vorschau anzeigen<\/li>\n<li data-section-id=\"1d50igt\" data-start=\"1667\" data-end=\"1687\">Bestellung abschlie\u00dfen<\/li>\n<\/ol>\n<p data-start=\"1689\" data-end=\"1800\">Vor der Produktion pr\u00fcfen wir stets die Datei, um das bestm\u00f6gliche Gravurergebnis zu garantieren.<\/p>\n<p data-start=\"1962\" data-end=\"2035\">Der Online-Konfigurator erm\u00f6glicht es, die Vorschau vor der Bestellung anzusehen.<\/p>\n<hr data-start=\"2037\" data-end=\"2040\">\n<h1 data-section-id=\"10ahm8\" data-start=\"2042\" data-end=\"2063\">TECHNISCHE DATEN<\/h1>\n<h2 data-section-id=\"1lkvx29\" data-start=\"2065\" data-end=\"2087\">Produktspezifikationen<\/h2>\n<ul data-start=\"2089\" data-end=\"2531\">\n<li data-section-id=\"26z3df\" data-start=\"2089\" data-end=\"2135\">Marke: <span class=\"hover:entity-accent entity-underline inline cursor-pointer align-baseline\"><span class=\"whitespace-normal\">Caran d&#8217;Ache<\/span><\/span><\/li>\n<li data-section-id=\"jfu0od\" data-start=\"2136\" data-end=\"2165\">Modell: Pop Line Schwarz<\/li>\n<li data-section-id=\"a9p13e\" data-start=\"2166\" data-end=\"2192\">Typ: Kugelschreiber<\/li>\n<li data-section-id=\"13bqb2w\" data-start=\"2193\" data-end=\"2212\">Farbe: Schwarz<\/li>\n<li data-section-id=\"rtxcpa\" data-start=\"2213\" data-end=\"2233\">Material: Metall<\/li>\n<li data-section-id=\"1hsqgjb\" data-start=\"2234\" data-end=\"2304\">Personalisierung:\n<ul data-start=\"2257\" data-end=\"2304\">\n<li data-section-id=\"175blss\" data-start=\"2257\" data-end=\"2264\">Stift<\/li>\n<li data-section-id=\"1v6pfmy\" data-start=\"2267\" data-end=\"2284\">Box-Innenseite<\/li>\n<li data-section-id=\"3dbqfv\" data-start=\"2287\" data-end=\"2304\">Box-Au\u00dfenseite<\/li>\n<\/ul>\n<\/li>\n<li data-section-id=\"d7642i\" data-start=\"2305\" data-end=\"2352\">Technik: Pr\u00e4zise und permanente Lasergravur<\/li>\n<li data-section-id=\"peqho5\" data-start=\"2353\" data-end=\"2371\">Etui inklusive<\/li>\n<li data-section-id=\"11qebwr\" data-start=\"2372\" data-end=\"2405\">Fl\u00fcssiges und komfortables Schreiben<\/li>\n<li data-section-id=\"1r8knby\" data-start=\"2406\" data-end=\"2454\">Herstellung der Personalisierung: Tessin, Schweiz<\/li>\n<li data-section-id=\"1o80k9j\" data-start=\"2455\" data-end=\"2497\">Schnelle Produktion: 1\u20132 Werktage<\/li>\n<li data-section-id=\"a9tscw\" data-start=\"2498\" data-end=\"2531\">Original Caran d\u2019Ache Produkt<\/li>\n<\/ul>\n<hr data-start=\"2533\" data-end=\"2536\">\n<h1 data-section-id=\"119vjci\" data-start=\"2538\" data-end=\"2564\">PERFEKT ALS GESCHENK F\u00dcR<\/h1>\n<p data-start=\"2566\" data-end=\"2743\">\ud83c\udf81 Originelle Geschenke<br data-start=\"2585\" data-end=\"2588\"\/>\ud83c\udf93 Studenten<br data-start=\"2599\" data-end=\"2602\"\/>\ud83d\udcbc Berufst\u00e4tige<br data-start=\"2619\" data-end=\"2622\"\/>\ud83c\udf82 Geburtstage<br data-start=\"2635\" data-end=\"2638\"\/>\u2764\ufe0f Besondere Anl\u00e4sse<br data-start=\"2659\" data-end=\"2662\"\/>\ud83c\udfe2 Firmengeschenke<br data-start=\"2681\" data-end=\"2684\"\/>\u2728 Kreative Menschen<br data-start=\"2702\" data-end=\"2705\"\/>\ud83d\udd8a\ufe0f Schreibliebhaber<br data-start=\"2731\" data-end=\"2734\"\/>\ud83c\udf84 Weihnachten<\/p>\n<hr data-start=\"2745\" data-end=\"2748\">\n<h1 data-section-id=\"1mpc0g\" data-start=\"2750\" data-end=\"2755\">FAQ<\/h1>\n<h2 data-section-id=\"y4tlf\" data-start=\"2757\" data-end=\"2786\">Was kann ich personalisieren?<\/h2>\n<p data-start=\"2787\" data-end=\"2868\">Sie k\u00f6nnen den Kugelschreiber, das Innere der Schachtel und auch die Aussenseite des Etuis gravieren.<\/p>\n<hr data-start=\"2870\" data-end=\"2873\">\n<h2 data-section-id=\"mwsi0o\" data-start=\"2875\" data-end=\"2906\">Kann ich eine Widmung hinzuf\u00fcgen?<\/h2>\n<p data-start=\"2907\" data-end=\"2976\">Ja, Sie k\u00f6nnen Namen, Daten, Widmungen oder kurze personalisierte S\u00e4tze gravieren.<\/p>\n<hr data-start=\"2978\" data-end=\"2981\">\n<h2 data-section-id=\"1pamyjv\" data-start=\"2983\" data-end=\"3011\">Ist die Gravur dauerhaft?<\/h2>\n<p data-start=\"3012\" data-end=\"3069\">Ja, die Lasergravur ist pr\u00e4zise, widerstandsf\u00e4hig und permanent.<\/p>\n<hr data-start=\"3071\" data-end=\"3074\">\n<h2 data-section-id=\"5fvubx\" data-start=\"3076\" data-end=\"3114\">Ist dies ein originaler Caran d\u2019Ache Stift?<\/h2>\n<p data-start=\"3115\" data-end=\"3203\">Ja, wir verwenden ausschlie\u00dflich Originalprodukte von <span class=\"hover:entity-accent entity-underline inline cursor-pointer align-baseline\"><span class=\"whitespace-normal\">Caran d&#8217;Ache<\/span><\/span>.<\/p>\n<hr data-start=\"3205\" data-end=\"3208\">\n<h2 data-section-id=\"1eiyzxb\" data-start=\"3210\" data-end=\"3250\">Wie lange dauert die Produktion?<\/h2>\n<p data-start=\"3251\" data-end=\"3309\">Die Produktion dauert in der Regel 1\u20132 Werktage.<\/p>\n<hr data-start=\"3311\" data-end=\"3314\">\n<h2 data-section-id=\"3z2edw\" data-start=\"3316\" data-end=\"3350\">Eignet er sich als Firmengeschenk?<\/h2>\n<p data-start=\"3351\" data-end=\"3453\">Absolut, dank der vollst\u00e4ndigen Personalisierung ist es auch perfekt f\u00fcr Unternehmen und Mitarbeiter.<\/p>\n<hr data-start=\"3455\" data-end=\"3458\">\n<h2 data-section-id=\"hj4oi8\" data-start=\"3460\" data-end=\"3492\">Versenden Sie in die ganze Schweiz?<\/h2>\n<p data-start=\"3493\" data-end=\"3527\">Ja, wir versenden in die ganze Schweiz.<\/p>\n<hr data-start=\"3529\" data-end=\"3532\">\n<h2 data-section-id=\"1q2ygur\" data-start=\"3534\" data-end=\"3587\">Kann ich eine Vorschau der Personalisierung sehen?<\/h2>\n<p data-start=\"3588\" data-end=\"3673\" data-is-last-node=\"\" data-is-only-node=\"\">Ja, der Online-Konfigurator erm\u00f6glicht die Vorschau vor dem Kauf.<\/p>\n","protected":false},"excerpt":{"rendered":"<h2 data-section-id=\"1c76gs0\" data-start=\"21\" data-end=\"65\">Energie, Farbe und einzigartige Personalisierung<\/h2>\n<p data-start=\"67\" data-end=\"343\">Der Kugelschreiber <span class=\"hover:entity-accent entity-underline inline cursor-pointer align-baseline\"><span class=\"whitespace-normal\">Caran d&#8217;Ache<\/span><\/span> Pop Line Schwarz kombiniert modernen Stil, Schweizer Qualit\u00e4t und vollst\u00e4ndige Personalisierung. Sie k\u00f6nnen den Kugelschreiber, das Innere der Schachtel und auch das \u00c4ussere des Etuis gravieren lassen und so ein originelles, kreatives und elegantes Geschenk schaffen. <\/p>\n<p data-start=\"345\" data-end=\"459\">Perfekt f\u00fcr Studenten, Berufst\u00e4tige und Schreibliebhaber, die sich mit Farbe und Pers\u00f6nlichkeit abheben m\u00f6chten.<\/p>\n","protected":false},"featured_media":52675,"template":"","meta":{"_acf_changed":false},"product_brand":[],"product_cat":[948,893,887,863,865,852],"product_tag":[],"class_list":["post-45386","product","type-product","status-publish","has-post-thumbnail","product_cat-ideen-fur-ihn","product_cat-personalisierte-stifte","product_cat-ideen-fur-lehrer","product_cat-kugelschreiber","product_cat-geschaftsideen","product_cat-anpassen","first","instock","taxable","shipping-taxable","purchasable","product-type-simple","add-to-wishlist-after_add_to_cart"],"acf":[],"yoast_head":"<!-- This site is optimized with the Yoast SEO Premium plugin v28.3 (Yoast SEO v28.4) - https:\/\/yoast.com\/product\/yoast-seo-premium-wordpress\/ -->\n<title>CARAN D&#039;ACHE Kugelschreiber Pop Line Schwarz - Cartoleria Donati SA<\/title>\n<meta name=\"description\" content=\"Entdecken Sie den Caran d&#039;Ache 849 PopLine Kugelschreiber, farbenfroh und modern, mit sechseckigem Aluminiumdesign f\u00fcr einen einzigartigen Stil. Personalisieren Sie ihn online.\" \/>\n<meta name=\"robots\" content=\"index, follow, max-snippet:-1, max-image-preview:large, max-video-preview:-1\" \/>\n<link rel=\"canonical\" href=\"https:\/\/cartoleriadonati.ch\/de\/prodotto\/caran-dache-penna-a-sfera-pop-line-nero\/\" \/>\n<meta property=\"og:locale\" content=\"de_DE\" \/>\n<meta property=\"og:type\" content=\"article\" \/>\n<meta property=\"og:title\" content=\"CARAN D&#039;ACHE Kugelschreiber Pop Line Schwarz\" \/>\n<meta property=\"og:description\" content=\"Entdecken Sie den Caran d&#039;Ache 849 PopLine Kugelschreiber, farbenfroh und modern, mit sechseckigem Aluminiumdesign f\u00fcr einen einzigartigen Stil. Personalisieren Sie ihn online.\" \/>\n<meta property=\"og:url\" content=\"https:\/\/cartoleriadonati.ch\/de\/prodotto\/caran-dache-penna-a-sfera-pop-line-nero\/\" \/>\n<meta property=\"og:site_name\" content=\"Cartoleria Donati SA\" \/>\n<meta property=\"article:publisher\" content=\"https:\/\/www.facebook.com\/CartoleriaDonati\" \/>\n<meta property=\"article:modified_time\" content=\"2026-07-21T14:56:06+00:00\" \/>\n<meta property=\"og:image\" content=\"https:\/\/cartoleriadonati.ch\/wp-content\/uploads\/2025\/04\/CARAN-DACHE-Penna-a-sfera-849-Pop-Line-opaco-nero.jpg\" \/>\n\t<meta property=\"og:image:width\" content=\"800\" \/>\n\t<meta property=\"og:image:height\" content=\"1200\" \/>\n\t<meta property=\"og:image:type\" content=\"image\/jpeg\" \/>\n<meta name=\"twitter:card\" content=\"summary_large_image\" \/>\n<meta name=\"twitter:label1\" content=\"Preis\" \/>\n\t<meta name=\"twitter:data1\" content=\"&#067;&#072;&#070;45.00\" \/>\n\t<meta name=\"twitter:label2\" content=\"Verf\u00fcgbarkeit\" \/>\n\t<meta name=\"twitter:data2\" content=\"Auf Lager\" \/>\n<script type=\"application\/ld+json\" class=\"yoast-schema-graph\">{\"@context\":\"https:\\\/\\\/schema.org\",\"@graph\":[{\"@type\":\"WebPage\",\"@id\":\"https:\\\/\\\/cartoleriadonati.ch\\\/de\\\/prodotto\\\/caran-dache-penna-a-sfera-pop-line-nero\\\/\",\"url\":\"https:\\\/\\\/cartoleriadonati.ch\\\/de\\\/prodotto\\\/caran-dache-penna-a-sfera-pop-line-nero\\\/\",\"name\":\"CARAN D'ACHE Kugelschreiber Pop Line Schwarz - Cartoleria Donati SA\",\"isPartOf\":{\"@id\":\"https:\\\/\\\/cartoleriadonati.ch\\\/de\\\/#website\"},\"primaryImageOfPage\":{\"@id\":\"https:\\\/\\\/cartoleriadonati.ch\\\/de\\\/prodotto\\\/caran-dache-penna-a-sfera-pop-line-nero\\\/#primaryimage\"},\"image\":{\"@id\":\"https:\\\/\\\/cartoleriadonati.ch\\\/de\\\/prodotto\\\/caran-dache-penna-a-sfera-pop-line-nero\\\/#primaryimage\"},\"thumbnailUrl\":\"https:\\\/\\\/cartoleriadonati.ch\\\/wp-content\\\/uploads\\\/2025\\\/04\\\/1-3.jpg\",\"datePublished\":\"2025-04-08T09:04:38+00:00\",\"dateModified\":\"2026-07-21T14:56:06+00:00\",\"description\":\"Entdecken Sie den Caran d'Ache 849 PopLine Kugelschreiber, farbenfroh und modern, mit sechseckigem Aluminiumdesign f\u00fcr einen einzigartigen Stil. Personalisieren Sie ihn online.\",\"breadcrumb\":{\"@id\":\"https:\\\/\\\/cartoleriadonati.ch\\\/de\\\/prodotto\\\/caran-dache-penna-a-sfera-pop-line-nero\\\/#breadcrumb\"},\"inLanguage\":\"de\",\"potentialAction\":[{\"@type\":\"ReadAction\",\"target\":[\"https:\\\/\\\/cartoleriadonati.ch\\\/de\\\/prodotto\\\/caran-dache-penna-a-sfera-pop-line-nero\\\/\"]}]},{\"@type\":\"ImageObject\",\"inLanguage\":\"de\",\"@id\":\"https:\\\/\\\/cartoleriadonati.ch\\\/de\\\/prodotto\\\/caran-dache-penna-a-sfera-pop-line-nero\\\/#primaryimage\",\"url\":\"https:\\\/\\\/cartoleriadonati.ch\\\/wp-content\\\/uploads\\\/2025\\\/04\\\/1-3.jpg\",\"contentUrl\":\"https:\\\/\\\/cartoleriadonati.ch\\\/wp-content\\\/uploads\\\/2025\\\/04\\\/1-3.jpg\",\"width\":1200,\"height\":1500,\"caption\":\"Penna personalizzata della marca Caran d'Ache\"},{\"@type\":\"BreadcrumbList\",\"@id\":\"https:\\\/\\\/cartoleriadonati.ch\\\/de\\\/prodotto\\\/caran-dache-penna-a-sfera-pop-line-nero\\\/#breadcrumb\",\"itemListElement\":[{\"@type\":\"ListItem\",\"position\":1,\"name\":\"Home\",\"item\":\"https:\\\/\\\/cartoleriadonati.ch\\\/de\\\/\"},{\"@type\":\"ListItem\",\"position\":2,\"name\":\"Shop\",\"item\":\"https:\\\/\\\/cartoleriadonati.ch\\\/de\\\/shop\\\/\"},{\"@type\":\"ListItem\",\"position\":3,\"name\":\"CARAN D&#8217;ACHE Kugelschreiber Pop Line Schwarz\"}]},{\"@type\":\"WebSite\",\"@id\":\"https:\\\/\\\/cartoleriadonati.ch\\\/de\\\/#website\",\"url\":\"https:\\\/\\\/cartoleriadonati.ch\\\/de\\\/\",\"name\":\"Cartoleria Donati SA\",\"description\":\"Sito internet ufficiale della Cartoleria Donati SA\",\"publisher\":{\"@id\":\"https:\\\/\\\/cartoleriadonati.ch\\\/de\\\/#organization\"},\"potentialAction\":[{\"@type\":\"SearchAction\",\"target\":{\"@type\":\"EntryPoint\",\"urlTemplate\":\"https:\\\/\\\/cartoleriadonati.ch\\\/de\\\/?s={search_term_string}\"},\"query-input\":{\"@type\":\"PropertyValueSpecification\",\"valueRequired\":true,\"valueName\":\"search_term_string\"}}],\"inLanguage\":\"de\"},{\"@type\":[\"Organization\",\"Place\",\"Store\"],\"@id\":\"https:\\\/\\\/cartoleriadonati.ch\\\/de\\\/#organization\",\"name\":\"Cartoleria Donati SA\",\"url\":\"https:\\\/\\\/cartoleriadonati.ch\\\/de\\\/\",\"logo\":{\"@id\":\"https:\\\/\\\/cartoleriadonati.ch\\\/de\\\/prodotto\\\/caran-dache-penna-a-sfera-pop-line-nero\\\/#local-main-organization-logo\"},\"image\":{\"@id\":\"https:\\\/\\\/cartoleriadonati.ch\\\/de\\\/prodotto\\\/caran-dache-penna-a-sfera-pop-line-nero\\\/#local-main-organization-logo\"},\"sameAs\":[\"https:\\\/\\\/www.facebook.com\\\/CartoleriaDonati\"],\"address\":{\"@id\":\"https:\\\/\\\/cartoleriadonati.ch\\\/de\\\/prodotto\\\/caran-dache-penna-a-sfera-pop-line-nero\\\/#local-main-place-address\"},\"telephone\":[\"0798516188\"],\"contactPoint\":{\"@type\":\"ContactPoint\",\"telephone\":\"0798516188\",\"email\":\"patrick.donati@hotmail.com\"},\"openingHoursSpecification\":[{\"@type\":\"OpeningHoursSpecification\",\"dayOfWeek\":[\"Monday\",\"Tuesday\",\"Wednesday\",\"Thursday\",\"Friday\",\"Saturday\",\"Sunday\"],\"opens\":\"09:00\",\"closes\":\"17:00\"}],\"email\":\"info@cartoleriadonati.ch\"},{\"@type\":\"PostalAddress\",\"@id\":\"https:\\\/\\\/cartoleriadonati.ch\\\/de\\\/prodotto\\\/caran-dache-penna-a-sfera-pop-line-nero\\\/#local-main-place-address\",\"streetAddress\":\"Via Locarno 32\",\"addressLocality\":\"Losone\",\"postalCode\":\"6616\",\"addressRegion\":\"Ticino\",\"addressCountry\":\"CH\"},{\"@type\":\"ImageObject\",\"inLanguage\":\"de\",\"@id\":\"https:\\\/\\\/cartoleriadonati.ch\\\/de\\\/prodotto\\\/caran-dache-penna-a-sfera-pop-line-nero\\\/#local-main-organization-logo\",\"url\":\"https:\\\/\\\/cartoleriadonati.ch\\\/wp-content\\\/uploads\\\/2019\\\/06\\\/DONATI_logo-1.png\",\"contentUrl\":\"https:\\\/\\\/cartoleriadonati.ch\\\/wp-content\\\/uploads\\\/2019\\\/06\\\/DONATI_logo-1.png\",\"width\":2339,\"height\":1654,\"caption\":\"Cartoleria Donati SA\"}]}<\/script>\n<meta property=\"product:price:amount\" content=\"45.00\" \/>\n<meta property=\"product:price:currency\" content=\"CHF\" \/>\n<meta property=\"og:availability\" content=\"instock\" \/>\n<meta property=\"product:availability\" content=\"instock\" \/>\n<meta property=\"product:condition\" content=\"new\" \/>\n<meta name=\"geo.placename\" content=\"Losone\" \/>\n<meta name=\"geo.region\" content=\"Schweiz\" \/>\n<!-- \/ Yoast SEO Premium plugin. -->","yoast_head_json":{"title":"CARAN D'ACHE Kugelschreiber Pop Line Schwarz - Cartoleria Donati SA","description":"Entdecken Sie den Caran d'Ache 849 PopLine Kugelschreiber, farbenfroh und modern, mit sechseckigem Aluminiumdesign f\u00fcr einen einzigartigen Stil. Personalisieren Sie ihn online.","robots":{"index":"index","follow":"follow","max-snippet":"max-snippet:-1","max-image-preview":"max-image-preview:large","max-video-preview":"max-video-preview:-1"},"canonical":"https:\/\/cartoleriadonati.ch\/de\/prodotto\/caran-dache-penna-a-sfera-pop-line-nero\/","og_locale":"de_DE","og_type":"article","og_title":"CARAN D'ACHE Kugelschreiber Pop Line Schwarz","og_description":"Entdecken Sie den Caran d'Ache 849 PopLine Kugelschreiber, farbenfroh und modern, mit sechseckigem Aluminiumdesign f\u00fcr einen einzigartigen Stil. Personalisieren Sie ihn online.","og_url":"https:\/\/cartoleriadonati.ch\/de\/prodotto\/caran-dache-penna-a-sfera-pop-line-nero\/","og_site_name":"Cartoleria Donati SA","article_publisher":"https:\/\/www.facebook.com\/CartoleriaDonati","article_modified_time":"2026-07-21T14:56:06+00:00","og_image":[{"width":800,"height":1200,"url":"https:\/\/cartoleriadonati.ch\/wp-content\/uploads\/2025\/04\/CARAN-DACHE-Penna-a-sfera-849-Pop-Line-opaco-nero.jpg","type":"image\/jpeg"}],"twitter_card":"summary_large_image","twitter_misc":{"Preis":"&#67;&#72;&#70;45.00","Verf\u00fcgbarkeit":"Auf Lager"},"schema":{"@context":"https:\/\/schema.org","@graph":[{"@type":"WebPage","@id":"https:\/\/cartoleriadonati.ch\/de\/prodotto\/caran-dache-penna-a-sfera-pop-line-nero\/","url":"https:\/\/cartoleriadonati.ch\/de\/prodotto\/caran-dache-penna-a-sfera-pop-line-nero\/","name":"CARAN D'ACHE Kugelschreiber Pop Line Schwarz - Cartoleria Donati SA","isPartOf":{"@id":"https:\/\/cartoleriadonati.ch\/de\/#website"},"primaryImageOfPage":{"@id":"https:\/\/cartoleriadonati.ch\/de\/prodotto\/caran-dache-penna-a-sfera-pop-line-nero\/#primaryimage"},"image":{"@id":"https:\/\/cartoleriadonati.ch\/de\/prodotto\/caran-dache-penna-a-sfera-pop-line-nero\/#primaryimage"},"thumbnailUrl":"https:\/\/cartoleriadonati.ch\/wp-content\/uploads\/2025\/04\/1-3.jpg","datePublished":"2025-04-08T09:04:38+00:00","dateModified":"2026-07-21T14:56:06+00:00","description":"Entdecken Sie den Caran d'Ache 849 PopLine Kugelschreiber, farbenfroh und modern, mit sechseckigem Aluminiumdesign f\u00fcr einen einzigartigen Stil. Personalisieren Sie ihn online.","breadcrumb":{"@id":"https:\/\/cartoleriadonati.ch\/de\/prodotto\/caran-dache-penna-a-sfera-pop-line-nero\/#breadcrumb"},"inLanguage":"de","potentialAction":[{"@type":"ReadAction","target":["https:\/\/cartoleriadonati.ch\/de\/prodotto\/caran-dache-penna-a-sfera-pop-line-nero\/"]}]},{"@type":"ImageObject","inLanguage":"de","@id":"https:\/\/cartoleriadonati.ch\/de\/prodotto\/caran-dache-penna-a-sfera-pop-line-nero\/#primaryimage","url":"https:\/\/cartoleriadonati.ch\/wp-content\/uploads\/2025\/04\/1-3.jpg","contentUrl":"https:\/\/cartoleriadonati.ch\/wp-content\/uploads\/2025\/04\/1-3.jpg","width":1200,"height":1500,"caption":"Penna personalizzata della marca Caran d'Ache"},{"@type":"BreadcrumbList","@id":"https:\/\/cartoleriadonati.ch\/de\/prodotto\/caran-dache-penna-a-sfera-pop-line-nero\/#breadcrumb","itemListElement":[{"@type":"ListItem","position":1,"name":"Home","item":"https:\/\/cartoleriadonati.ch\/de\/"},{"@type":"ListItem","position":2,"name":"Shop","item":"https:\/\/cartoleriadonati.ch\/de\/shop\/"},{"@type":"ListItem","position":3,"name":"CARAN D&#8217;ACHE Kugelschreiber Pop Line Schwarz"}]},{"@type":"WebSite","@id":"https:\/\/cartoleriadonati.ch\/de\/#website","url":"https:\/\/cartoleriadonati.ch\/de\/","name":"Cartoleria Donati SA","description":"Sito internet ufficiale della Cartoleria Donati SA","publisher":{"@id":"https:\/\/cartoleriadonati.ch\/de\/#organization"},"potentialAction":[{"@type":"SearchAction","target":{"@type":"EntryPoint","urlTemplate":"https:\/\/cartoleriadonati.ch\/de\/?s={search_term_string}"},"query-input":{"@type":"PropertyValueSpecification","valueRequired":true,"valueName":"search_term_string"}}],"inLanguage":"de"},{"@type":["Organization","Place","Store"],"@id":"https:\/\/cartoleriadonati.ch\/de\/#organization","name":"Cartoleria Donati SA","url":"https:\/\/cartoleriadonati.ch\/de\/","logo":{"@id":"https:\/\/cartoleriadonati.ch\/de\/prodotto\/caran-dache-penna-a-sfera-pop-line-nero\/#local-main-organization-logo"},"image":{"@id":"https:\/\/cartoleriadonati.ch\/de\/prodotto\/caran-dache-penna-a-sfera-pop-line-nero\/#local-main-organization-logo"},"sameAs":["https:\/\/www.facebook.com\/CartoleriaDonati"],"address":{"@id":"https:\/\/cartoleriadonati.ch\/de\/prodotto\/caran-dache-penna-a-sfera-pop-line-nero\/#local-main-place-address"},"telephone":["0798516188"],"contactPoint":{"@type":"ContactPoint","telephone":"0798516188","email":"patrick.donati@hotmail.com"},"openingHoursSpecification":[{"@type":"OpeningHoursSpecification","dayOfWeek":["Monday","Tuesday","Wednesday","Thursday","Friday","Saturday","Sunday"],"opens":"09:00","closes":"17:00"}],"email":"info@cartoleriadonati.ch"},{"@type":"PostalAddress","@id":"https:\/\/cartoleriadonati.ch\/de\/prodotto\/caran-dache-penna-a-sfera-pop-line-nero\/#local-main-place-address","streetAddress":"Via Locarno 32","addressLocality":"Losone","postalCode":"6616","addressRegion":"Ticino","addressCountry":"CH"},{"@type":"ImageObject","inLanguage":"de","@id":"https:\/\/cartoleriadonati.ch\/de\/prodotto\/caran-dache-penna-a-sfera-pop-line-nero\/#local-main-organization-logo","url":"https:\/\/cartoleriadonati.ch\/wp-content\/uploads\/2019\/06\/DONATI_logo-1.png","contentUrl":"https:\/\/cartoleriadonati.ch\/wp-content\/uploads\/2019\/06\/DONATI_logo-1.png","width":2339,"height":1654,"caption":"Cartoleria Donati SA"}]},"product_price_amount":"45.00","product_price_currency":"CHF","og_availability":"instock","product_availability":"instock","product_condition":"new","geo.placename":"Losone","geo.region":"Schweiz"},"_links":{"self":[{"href":"https:\/\/cartoleriadonati.ch\/de\/wp-json\/wp\/v2\/product\/45386","targetHints":{"allow":["GET"]}}],"collection":[{"href":"https:\/\/cartoleriadonati.ch\/de\/wp-json\/wp\/v2\/product"}],"about":[{"href":"https:\/\/cartoleriadonati.ch\/de\/wp-json\/wp\/v2\/types\/product"}],"wp:featuredmedia":[{"embeddable":true,"href":"https:\/\/cartoleriadonati.ch\/de\/wp-json\/wp\/v2\/media\/52675"}],"wp:attachment":[{"href":"https:\/\/cartoleriadonati.ch\/de\/wp-json\/wp\/v2\/media?parent=45386"}],"wp:term":[{"taxonomy":"product_brand","embeddable":true,"href":"https:\/\/cartoleriadonati.ch\/de\/wp-json\/wp\/v2\/product_brand?post=45386"},{"taxonomy":"product_cat","embeddable":true,"href":"https:\/\/cartoleriadonati.ch\/de\/wp-json\/wp\/v2\/product_cat?post=45386"},{"taxonomy":"product_tag","embeddable":true,"href":"https:\/\/cartoleriadonati.ch\/de\/wp-json\/wp\/v2\/product_tag?post=45386"}],"curies":[{"name":"wp","href":"https:\/\/api.w.org\/{rel}","templated":true}]}}